{"version":"1.0","provider_name":"Delta Moble","provider_url":"https:\/\/www.deltamobleandorra.com\/es\/","author_name":"WOW Comunicacio","author_url":"https:\/\/www.deltamobleandorra.com\/es\/author\/wowcomunicacio\/","title":"Valencia, ciudad del dise\u00f1o - Delta Moble","type":"rich","width":600,"height":338,"html":"<blockquote class=\"wp-embedded-content\" data-secret=\"wgW1OBollW\"><a href=\"https:\/\/www.deltamobleandorra.com\/es\/valencia-ciudad-del-diseno\/\">Valencia, ciudad del dise\u00f1o<\/a><\/blockquote><iframe sandbox=\"allow-scripts\" security=\"restricted\" src=\"https:\/\/www.deltamobleandorra.com\/es\/valencia-ciudad-del-diseno\/embed\/#?secret=wgW1OBollW\" width=\"600\" height=\"338\" title=\"\u00abValencia, ciudad del dise\u00f1o\u00bb \u2014 Delta Moble\" data-secret=\"wgW1OBollW\" frameborder=\"0\" marginwidth=\"0\" marginheight=\"0\" scrolling=\"no\" class=\"wp-embedded-content\"><\/iframe><script type=\"text\/javascript\">\n\/* <![CDATA[ *\/\n\/*! This file is auto-generated *\/\n!function(d,l){\"use strict\";l.querySelector&&d.addEventListener&&\"undefined\"!=typeof URL&&(d.wp=d.wp||{},d.wp.receiveEmbedMessage||(d.wp.receiveEmbedMessage=function(e){var t=e.data;if((t||t.secret||t.message||t.value)&&!\/[^a-zA-Z0-9]\/.test(t.secret)){for(var s,r,n,a=l.querySelectorAll('iframe[data-secret=\"'+t.secret+'\"]'),o=l.querySelectorAll('blockquote[data-secret=\"'+t.secret+'\"]'),c=new RegExp(\"^https?:$\",\"i\"),i=0;i<o.length;i++)o[i].style.display=\"none\";for(i=0;i<a.length;i++)s=a[i],e.source===s.contentWindow&&(s.removeAttribute(\"style\"),\"height\"===t.message?(1e3<(r=parseInt(t.value,10))?r=1e3:~~r<200&&(r=200),s.height=r):\"link\"===t.message&&(r=new URL(s.getAttribute(\"src\")),n=new URL(t.value),c.test(n.protocol))&&n.host===r.host&&l.activeElement===s&&(d.top.location.href=t.value))}},d.addEventListener(\"message\",d.wp.receiveEmbedMessage,!1),l.addEventListener(\"DOMContentLoaded\",function(){for(var e,t,s=l.querySelectorAll(\"iframe.wp-embedded-content\"),r=0;r<s.length;r++)(t=(e=s[r]).getAttribute(\"data-secret\"))||(t=Math.random().toString(36).substring(2,12),e.src+=\"#?secret=\"+t,e.setAttribute(\"data-secret\",t)),e.contentWindow.postMessage({message:\"ready\",secret:t},\"*\")},!1)))}(window,document);\n\/\/# sourceURL=https:\/\/www.deltamobleandorra.com\/wp-includes\/js\/wp-embed.min.js\n\/* ]]> *\/\n<\/script>\n","thumbnail_url":"https:\/\/www.deltamobleandorra.com\/wp-content\/uploads\/2022\/05\/valencia_disseny-1024x753.jpg","thumbnail_width":600,"thumbnail_height":441,"description":"Valencia, como dice su conocido himno, es la tierra de las flores, de la luz y del color\u2026 y ahora, tambi\u00e9n es la primera ciudad espa\u00f1ola en convertirse en la capital mundial del dise\u00f1o durante todo el a\u00f1o 2022. Flamante distinci\u00f3n que comparte con otras capitales que fueron designadas en a\u00f1os anteriores, como Tur\u00edn, Se\u00fal, [&hellip;]"}