{"id":2328,"date":"2021-11-17T13:26:20","date_gmt":"2021-11-17T11:26:20","guid":{"rendered":"https:\/\/www.deltamobleandorra.com\/contacto\/"},"modified":"2023-06-05T14:04:50","modified_gmt":"2023-06-05T12:04:50","slug":"contacto","status":"publish","type":"page","link":"https:\/\/www.deltamobleandorra.com\/es\/contacto\/","title":{"rendered":"Contacto"},"content":{"rendered":"<section class=\"wpb-content-wrapper\"><p>[vc_row full_width=\u00bbstretch_row\u00bb content_placement=\u00bbbottom\u00bb el_class=\u00bbsection_large contacte\u00bb css=\u00bb.vc_custom_1637233452748{padding-bottom: 100px !important;}\u00bb][vc_column el_class=\u00bbrwdhide\u00bb][vc_row_inner content_placement=\u00bbtop\u00bb][vc_column_inner width=\u00bb5\/12&#8243;][vc_column_text css_animation=\u00bbfadeIn\u00bb]<\/p>\n<h1>Contacto<\/h1>\n<p>[\/vc_column_text][vc_column_text css_animation=\u00bbfadeIn\u00bb]Contamos con un equipo de interioristas para ayudarte en tus proyectos, tanto si eres un cliente particular como si eres un profesional del sector.[\/vc_column_text][\/vc_column_inner][vc_column_inner width=\u00bb1\/12&#8243;][\/vc_column_inner][vc_column_inner width=\u00bb6\/12&#8243;][\/vc_column_inner][\/vc_row_inner][vc_row_inner content_placement=\u00bbtop\u00bb el_class=\u00bbsection_small\u00bb][vc_column_inner width=\u00bb5\/12&#8243;][vc_column_text]<strong>Delta Moble<\/strong><br \/>\n<a href=\"https:\/\/goo.gl\/maps\/cZFEZe6u9wtfcyBs6\" target=\"_blank\" rel=\"noopener\">Josep Viladomat, 10<br \/>\nAD700 Escaldes-Engordany \u00b7 Andorra<\/a><br \/>\n<a href=\"&#x6d;&#97;i&#x6c;&#116;o&#x3a;&#105;n&#x66;&#111;&#64;&#x64;&#101;l&#x74;&#97;m&#x6f;&#98;l&#x65;&#46;c&#x6f;&#109;\">&#x69;&#x6e;&#x66;&#x6f;&#x40;&#x64;&#x65;&#x6c;&#116;&#97;&#109;&#111;&#98;&#108;&#101;&#46;com<\/a><br \/>\n+376 807 244<br \/>\n<a href=\"https:\/\/www.instagram.com\/deltamoble\" target=\"_blank\" rel=\"noopener\">Instagram<\/a> \u00b7 <a href=\"https:\/\/www.facebook.com\/deltamoble.and\/\" target=\"_blank\" rel=\"noopener\">Facebook<\/a>[\/vc_column_text][vc_column_text]<strong>Horario Showroom<\/strong><br \/>\nLunes a viernes &#8211; 9H a 13H \u00b7 15:30 a 19:30H<br \/>\nS\u00e1bados &#8211; Cita previa<br \/>\nDomingos y festivos &#8211; Cerrado[\/vc_column_text][\/vc_column_inner][vc_column_inner width=\u00bb1\/12&#8243;][\/vc_column_inner][vc_column_inner width=\u00bb6\/12&#8243;]\n<div class=\"wpcf7 no-js\" id=\"wpcf7-f2327-o1\" lang=\"es-ES\" dir=\"ltr\" data-wpcf7-id=\"2327\">\n<div class=\"screen-reader-response\"><p role=\"status\" aria-live=\"polite\" aria-atomic=\"true\"><\/p> <ul><\/ul><\/div>\n<form action=\"\/es\/wp-json\/wp\/v2\/pages\/2328#wpcf7-f2327-o1\" method=\"post\" class=\"wpcf7-form init wpcf7-acceptance-as-validation\" aria-label=\"Formulario de contacto\" novalidate=\"novalidate\" data-status=\"init\">\n<fieldset class=\"hidden-fields-container\"><input type=\"hidden\" name=\"_wpcf7\" value=\"2327\" \/><input type=\"hidden\" name=\"_wpcf7_version\" value=\"6.1.5\" \/><input type=\"hidden\" name=\"_wpcf7_locale\" value=\"es_ES\" \/><input type=\"hidden\" name=\"_wpcf7_unit_tag\" value=\"wpcf7-f2327-o1\" \/><input type=\"hidden\" name=\"_wpcf7_container_post\" value=\"0\" \/><input type=\"hidden\" name=\"_wpcf7_posted_data_hash\" value=\"\" \/><input type=\"hidden\" name=\"_wpcf7_recaptcha_response\" value=\"\" \/>\n<\/fieldset>\n<p><label> Nombre y apellidos<br \/>\n<span class=\"wpcf7-form-control-wrap\" data-name=\"your-name\"><input size=\"40\" maxlength=\"400\" class=\"wpcf7-form-control wpcf7-text wpcf7-validates-as-required\" aria-required=\"true\" aria-invalid=\"false\" value=\"\" type=\"text\" name=\"your-name\" \/><\/span> <\/label>\n<\/p>\n<p><label> Correo electr\u00f3nico<br \/>\n<span class=\"wpcf7-form-control-wrap\" data-name=\"your-email\"><input size=\"40\" maxlength=\"400\" class=\"wpcf7-form-control wpcf7-email wpcf7-validates-as-required wpcf7-text wpcf7-validates-as-email\" aria-required=\"true\" aria-invalid=\"false\" value=\"\" type=\"email\" name=\"your-email\" \/><\/span> <\/label>\n<\/p>\n<p><label>Tel\u00e9fono de contacto<br \/>\n<span class=\"wpcf7-form-control-wrap\" data-name=\"your-phone\"><input size=\"40\" maxlength=\"400\" class=\"wpcf7-form-control wpcf7-tel wpcf7-validates-as-required wpcf7-text wpcf7-validates-as-tel\" aria-required=\"true\" aria-invalid=\"false\" value=\"\" type=\"tel\" name=\"your-phone\" \/><\/span> <\/label>\n<\/p>\n<p><label>Mensaje<br \/>\n<span class=\"wpcf7-form-control-wrap\" data-name=\"your-message\"><textarea cols=\"40\" rows=\"10\" maxlength=\"2000\" class=\"wpcf7-form-control wpcf7-textarea wpcf7-validates-as-required\" aria-required=\"true\" aria-invalid=\"false\" name=\"your-message\"><\/textarea><\/span> <\/label>\n<\/p>\n<div class=\"acceptacio\">\n\t<p><span class=\"wpcf7-form-control-wrap\" data-name=\"your-consent\"><span class=\"wpcf7-form-control wpcf7-acceptance\"><span class=\"wpcf7-list-item\"><label><input type=\"checkbox\" name=\"your-consent\" value=\"1\" aria-invalid=\"false\" \/><span class=\"wpcf7-list-item-label\">He le\u00eddo, entiendo y acepto la <a href=\"\/privacitat\/\">Pol\u00edtica de privacidad<\/a>.<\/span><\/label><\/span><\/span><\/span>\n\t<\/p>\n\t<p><span class=\"wpcf7-form-control-wrap\" data-name=\"your-consent3\"><span class=\"wpcf7-form-control wpcf7-acceptance\"><span class=\"wpcf7-list-item\"><label><input type=\"checkbox\" name=\"your-consent3\" value=\"1\" aria-invalid=\"false\" \/><span class=\"wpcf7-list-item-label\">Doy mi consentimiento expreso para recibir boletines de informaci\u00f3n de DELTA MUEBLE por correo electr\u00f3nico y otros medios electr\u00f3nicos o postales.<\/span><\/label><\/span><\/span><\/span>\n\t<\/p>\n\t<p>Si posteriormente no desea continuar recibiendo nuestras comunicaciones y\/o boletines de informaci\u00f3n, puede revocar el consentimiento enviando un correo electr\u00f3nico a i&#110;&#x66;&#x6f;&#x40;d&#101;&#108;&#x74;&#x61;m&#111;&#98;&#x6c;&#x65;&#46;c&#111;&#x6d; con la palabra \u00abBAJA\u00bb.\n\t<\/p>\n\t<p>This site is protected by reCAPTCHA and the Google Privacy Policy and Terms of Service apply.\n\t<\/p>\n<\/div>\n<p><input class=\"wpcf7-form-control wpcf7-submit has-spinner\" type=\"submit\" value=\"Envia el formulario\" \/>\n<\/p><div class=\"wpcf7-response-output\" aria-hidden=\"true\"><\/div>\n<\/form>\n<\/div>\n[\/vc_column_inner][\/vc_row_inner][\/vc_column][\/vc_row][vc_row full_width=\u00bbstretch_row_content_no_spaces\u00bb el_class=\u00bbsection_60&#8243;][vc_column][vc_gmaps link=\u00bb#E-8_JTNDaWZyYW1lJTIwc3JjJTNEJTIyaHR0cHMlM0ElMkYlMkZ3d3cuZ29vZ2xlLmNvbSUyRm1hcHMlMkZlbWJlZCUzRnBiJTNEJTIxMW0xNCUyMTFtOCUyMTFtMyUyMTFkMTE3NjQuMzI5NTM3NTk0NTYlMjEyZDEuNTQwMTM0MiUyMTNkNDIuNTExMDU3MiUyMTNtMiUyMTFpMTAyNCUyMTJpNzY4JTIxNGYxMy4xJTIxM20zJTIxMW0yJTIxMXMweDAlMjUzQTB4MTk3MTQ0NDRhYTYwZjNmYSUyMTJzREVMVEElMjUyME1PQkxFJTI1MjBJJTI1MjBERUNPUkFDSSUyNUMzJTI1OTMlMjUyQyUyNTIwUy5BLiUyMTVlMCUyMTNtMiUyMTFzZXMlMjEyc2VzJTIxNHYxNjM3MTQ4NTk4MzI4JTIxNW0yJTIxMXNlcyUyMTJzZXMlMjIlMjB3aWR0aCUzRCUyMjgwMCUyMiUyMGhlaWdodCUzRCUyMjYwMCUyMiUyMHN0eWxlJTNEJTIyYm9yZGVyJTNBMCUzQiUyMiUyMGFsbG93ZnVsbHNjcmVlbiUzRCUyMiUyMiUyMGxvYWRpbmclM0QlMjJsYXp5JTIyJTNFJTNDJTJGaWZyYW1lJTNF\u00bb size=\u00bb640&#8243; css_animation=\u00bbfadeIn\u00bb][\/vc_column][\/vc_row]<\/p>\n<\/section>","protected":false},"excerpt":{"rendered":"<p>[vc_row full_width=\u00bbstretch_row\u00bb content_placement=\u00bbbottom\u00bb el_class=\u00bbsection_large contacte\u00bb css=\u00bb.vc_custom_1637233452748{padding-bottom: 100px !important;}\u00bb][vc_column el_class=\u00bbrwdhide\u00bb][vc_row_inner content_placement=\u00bbtop\u00bb][vc_column_inner width=\u00bb5\/12&#8243;][vc_column_text css_animation=\u00bbfadeIn\u00bb] Contacto [\/vc_column_text][vc_column_text css_animation=\u00bbfadeIn\u00bb]Contamos con un equipo de interioristas para ayudarte en tus proyectos, tanto si eres un cliente particular como si eres un profesional del sector.[\/vc_column_text][\/vc_column_inner][vc_column_inner width=\u00bb1\/12&#8243;][\/vc_column_inner][vc_column_inner width=\u00bb6\/12&#8243;][\/vc_column_inner][\/vc_row_inner][vc_row_inner content_placement=\u00bbtop\u00bb el_class=\u00bbsection_small\u00bb][vc_column_inner width=\u00bb5\/12&#8243;][vc_column_text]Delta Moble Josep Viladomat, 10 AD700 Escaldes-Engordany \u00b7 Andorra &#x69;n&#x66;&#111;&#64;&#x64;&#101;&#x6c;&#116;a&#x6d;&#111;&#x62;&#108;e&#x2e;&#99;&#x6f;&#x6d; +376 807 244 [&hellip;]<\/p>\n","protected":false},"author":1,"featured_media":0,"parent":0,"menu_order":4,"comment_status":"closed","ping_status":"closed","template":"","meta":{"_acf_changed":false,"footnotes":""},"class_list":["post-2328","page","type-page","status-publish","hentry"],"acf":[],"yoast_head":"<!-- This site is optimized with the Yoast SEO plugin v27.5 - https:\/\/yoast.com\/product\/yoast-seo-wordpress\/ -->\n<title>Contacto - Delta Moble<\/title>\n<meta name=\"robots\" content=\"index, follow, max-snippet:-1, max-image-preview:large, max-video-preview:-1\" \/>\n<link rel=\"canonical\" href=\"https:\/\/www.deltamobleandorra.com\/es\/contacto\/\" \/>\n<meta property=\"og:locale\" content=\"es_ES\" \/>\n<meta property=\"og:type\" content=\"article\" \/>\n<meta property=\"og:title\" content=\"Contacto - Delta Moble\" \/>\n<meta property=\"og:description\" content=\"[vc_row full_width=\u00bbstretch_row\u00bb content_placement=\u00bbbottom\u00bb el_class=\u00bbsection_large contacte\u00bb css=\u00bb.vc_custom_1637233452748{padding-bottom: 100px !important;}\u00bb][vc_column el_class=\u00bbrwdhide\u00bb][vc_row_inner content_placement=\u00bbtop\u00bb][vc_column_inner width=\u00bb5\/12&#8243;][vc_column_text css_animation=\u00bbfadeIn\u00bb] Contacto [\/vc_column_text][vc_column_text css_animation=\u00bbfadeIn\u00bb]Contamos con un equipo de interioristas para ayudarte en tus proyectos, tanto si eres un cliente particular como si eres un profesional del sector.[\/vc_column_text][\/vc_column_inner][vc_column_inner width=\u00bb1\/12&#8243;][\/vc_column_inner][vc_column_inner width=\u00bb6\/12&#8243;][\/vc_column_inner][\/vc_row_inner][vc_row_inner content_placement=\u00bbtop\u00bb el_class=\u00bbsection_small\u00bb][vc_column_inner width=\u00bb5\/12&#8243;][vc_column_text]Delta Moble Josep Viladomat, 10 AD700 Escaldes-Engordany \u00b7 Andorra &#x69;&#x6e;&#102;o&#x40;&#x64;&#101;lt&#x61;&#x6d;&#111;b&#x6c;&#x65;&#046;&#099;o&#x6d; +376 807 244 [&hellip;]\" \/>\n<meta property=\"og:url\" content=\"https:\/\/www.deltamobleandorra.com\/es\/contacto\/\" \/>\n<meta property=\"og:site_name\" content=\"Delta Moble\" \/>\n<meta property=\"article:publisher\" content=\"https:\/\/www.facebook.com\/deltamoble.and\/\" \/>\n<meta property=\"article:modified_time\" content=\"2023-06-05T12:04:50+00:00\" \/>\n<meta property=\"og:image\" content=\"https:\/\/www.deltamobleandorra.com\/wp-content\/uploads\/2021\/12\/Knoll-mod-Avio.jpg\" \/>\n\t<meta property=\"og:image:width\" content=\"800\" \/>\n\t<meta property=\"og:image:height\" content=\"800\" \/>\n\t<meta property=\"og:image:type\" content=\"image\/jpeg\" \/>\n<meta name=\"twitter:card\" content=\"summary_large_image\" \/>\n<meta name=\"twitter:label1\" content=\"Tiempo de lectura\" \/>\n\t<meta name=\"twitter:data1\" content=\"1 minuto\" \/>\n<script type=\"application\/ld+json\" class=\"yoast-schema-graph\">{\"@context\":\"https:\\\/\\\/schema.org\",\"@graph\":[{\"@type\":\"WebPage\",\"@id\":\"https:\\\/\\\/www.deltamobleandorra.com\\\/es\\\/contacto\\\/\",\"url\":\"https:\\\/\\\/www.deltamobleandorra.com\\\/es\\\/contacto\\\/\",\"name\":\"Contacto - Delta Moble\",\"isPartOf\":{\"@id\":\"https:\\\/\\\/www.deltamobleandorra.com\\\/es\\\/#website\"},\"datePublished\":\"2021-11-17T11:26:20+00:00\",\"dateModified\":\"2023-06-05T12:04:50+00:00\",\"breadcrumb\":{\"@id\":\"https:\\\/\\\/www.deltamobleandorra.com\\\/es\\\/contacto\\\/#breadcrumb\"},\"inLanguage\":\"es\",\"potentialAction\":[{\"@type\":\"ReadAction\",\"target\":[\"https:\\\/\\\/www.deltamobleandorra.com\\\/es\\\/contacto\\\/\"]}]},{\"@type\":\"BreadcrumbList\",\"@id\":\"https:\\\/\\\/www.deltamobleandorra.com\\\/es\\\/contacto\\\/#breadcrumb\",\"itemListElement\":[{\"@type\":\"ListItem\",\"position\":1,\"name\":\"Home\",\"item\":\"https:\\\/\\\/www.deltamobleandorra.com\\\/es\\\/\"},{\"@type\":\"ListItem\",\"position\":2,\"name\":\"Contacto\"}]},{\"@type\":\"WebSite\",\"@id\":\"https:\\\/\\\/www.deltamobleandorra.com\\\/es\\\/#website\",\"url\":\"https:\\\/\\\/www.deltamobleandorra.com\\\/es\\\/\",\"name\":\"Delta Moble\",\"description\":\"Disseny, Innovaci\u00f3 i Modernitat - Escaldes-Engordany, Andorra\",\"publisher\":{\"@id\":\"https:\\\/\\\/www.deltamobleandorra.com\\\/es\\\/#organization\"},\"potentialAction\":[{\"@type\":\"SearchAction\",\"target\":{\"@type\":\"EntryPoint\",\"urlTemplate\":\"https:\\\/\\\/www.deltamobleandorra.com\\\/es\\\/?s={search_term_string}\"},\"query-input\":{\"@type\":\"PropertyValueSpecification\",\"valueRequired\":true,\"valueName\":\"search_term_string\"}}],\"inLanguage\":\"es\"},{\"@type\":\"Organization\",\"@id\":\"https:\\\/\\\/www.deltamobleandorra.com\\\/es\\\/#organization\",\"name\":\"Delta Moble\",\"url\":\"https:\\\/\\\/www.deltamobleandorra.com\\\/es\\\/\",\"logo\":{\"@type\":\"ImageObject\",\"inLanguage\":\"es\",\"@id\":\"https:\\\/\\\/www.deltamobleandorra.com\\\/es\\\/#\\\/schema\\\/logo\\\/image\\\/\",\"url\":\"http:\\\/\\\/www.deltamobleandorra.com\\\/wp-content\\\/uploads\\\/2021\\\/11\\\/Delta-Moble-Brand-Dark-1X.png\",\"contentUrl\":\"http:\\\/\\\/www.deltamobleandorra.com\\\/wp-content\\\/uploads\\\/2021\\\/11\\\/Delta-Moble-Brand-Dark-1X.png\",\"width\":189,\"height\":30,\"caption\":\"Delta Moble\"},\"image\":{\"@id\":\"https:\\\/\\\/www.deltamobleandorra.com\\\/es\\\/#\\\/schema\\\/logo\\\/image\\\/\"},\"sameAs\":[\"https:\\\/\\\/www.facebook.com\\\/deltamoble.and\\\/\",\"https:\\\/\\\/www.instagram.com\\\/deltamoble\"]}]}<\/script>\n<!-- \/ Yoast SEO plugin. -->","yoast_head_json":{"title":"Contacto - Delta Moble","robots":{"index":"index","follow":"follow","max-snippet":"max-snippet:-1","max-image-preview":"max-image-preview:large","max-video-preview":"max-video-preview:-1"},"canonical":"https:\/\/www.deltamobleandorra.com\/es\/contacto\/","og_locale":"es_ES","og_type":"article","og_title":"Contacto - Delta Moble","og_description":"[vc_row full_width=\u00bbstretch_row\u00bb content_placement=\u00bbbottom\u00bb el_class=\u00bbsection_large contacte\u00bb css=\u00bb.vc_custom_1637233452748{padding-bottom: 100px !important;}\u00bb][vc_column el_class=\u00bbrwdhide\u00bb][vc_row_inner content_placement=\u00bbtop\u00bb][vc_column_inner width=\u00bb5\/12&#8243;][vc_column_text css_animation=\u00bbfadeIn\u00bb] Contacto [\/vc_column_text][vc_column_text css_animation=\u00bbfadeIn\u00bb]Contamos con un equipo de interioristas para ayudarte en tus proyectos, tanto si eres un cliente particular como si eres un profesional del sector.[\/vc_column_text][\/vc_column_inner][vc_column_inner width=\u00bb1\/12&#8243;][\/vc_column_inner][vc_column_inner width=\u00bb6\/12&#8243;][\/vc_column_inner][\/vc_row_inner][vc_row_inner content_placement=\u00bbtop\u00bb el_class=\u00bbsection_small\u00bb][vc_column_inner width=\u00bb5\/12&#8243;][vc_column_text]Delta Moble Josep Viladomat, 10 AD700 Escaldes-Engordany \u00b7 Andorra &#105;&#x6e;&#102;&#x6f;&#64;&#x64;e&#x6c;t&#97;&#x6d;&#111;&#x62;&#108;&#x65;&#46;&#x63;o&#109; +376 807 244 [&hellip;]","og_url":"https:\/\/www.deltamobleandorra.com\/es\/contacto\/","og_site_name":"Delta Moble","article_publisher":"https:\/\/www.facebook.com\/deltamoble.and\/","article_modified_time":"2023-06-05T12:04:50+00:00","og_image":[{"width":800,"height":800,"url":"https:\/\/www.deltamobleandorra.com\/wp-content\/uploads\/2021\/12\/Knoll-mod-Avio.jpg","type":"image\/jpeg"}],"twitter_card":"summary_large_image","twitter_misc":{"Tiempo de lectura":"1 minuto"},"schema":{"@context":"https:\/\/schema.org","@graph":[{"@type":"WebPage","@id":"https:\/\/www.deltamobleandorra.com\/es\/contacto\/","url":"https:\/\/www.deltamobleandorra.com\/es\/contacto\/","name":"Contacto - Delta Moble","isPartOf":{"@id":"https:\/\/www.deltamobleandorra.com\/es\/#website"},"datePublished":"2021-11-17T11:26:20+00:00","dateModified":"2023-06-05T12:04:50+00:00","breadcrumb":{"@id":"https:\/\/www.deltamobleandorra.com\/es\/contacto\/#breadcrumb"},"inLanguage":"es","potentialAction":[{"@type":"ReadAction","target":["https:\/\/www.deltamobleandorra.com\/es\/contacto\/"]}]},{"@type":"BreadcrumbList","@id":"https:\/\/www.deltamobleandorra.com\/es\/contacto\/#breadcrumb","itemListElement":[{"@type":"ListItem","position":1,"name":"Home","item":"https:\/\/www.deltamobleandorra.com\/es\/"},{"@type":"ListItem","position":2,"name":"Contacto"}]},{"@type":"WebSite","@id":"https:\/\/www.deltamobleandorra.com\/es\/#website","url":"https:\/\/www.deltamobleandorra.com\/es\/","name":"Delta Moble","description":"Disseny, Innovaci\u00f3 i Modernitat - Escaldes-Engordany, Andorra","publisher":{"@id":"https:\/\/www.deltamobleandorra.com\/es\/#organization"},"potentialAction":[{"@type":"SearchAction","target":{"@type":"EntryPoint","urlTemplate":"https:\/\/www.deltamobleandorra.com\/es\/?s={search_term_string}"},"query-input":{"@type":"PropertyValueSpecification","valueRequired":true,"valueName":"search_term_string"}}],"inLanguage":"es"},{"@type":"Organization","@id":"https:\/\/www.deltamobleandorra.com\/es\/#organization","name":"Delta Moble","url":"https:\/\/www.deltamobleandorra.com\/es\/","logo":{"@type":"ImageObject","inLanguage":"es","@id":"https:\/\/www.deltamobleandorra.com\/es\/#\/schema\/logo\/image\/","url":"https:\/\/www.deltamobleandorra.com\/wp-content\/uploads\/2021\/11\/Delta-Moble-Brand-Dark-1X.png","contentUrl":"https:\/\/www.deltamobleandorra.com\/wp-content\/uploads\/2021\/11\/Delta-Moble-Brand-Dark-1X.png","width":189,"height":30,"caption":"Delta Moble"},"image":{"@id":"https:\/\/www.deltamobleandorra.com\/es\/#\/schema\/logo\/image\/"},"sameAs":["https:\/\/www.facebook.com\/deltamoble.and\/","https:\/\/www.instagram.com\/deltamoble"]}]}},"_links":{"self":[{"href":"https:\/\/www.deltamobleandorra.com\/es\/wp-json\/wp\/v2\/pages\/2328","targetHints":{"allow":["GET"]}}],"collection":[{"href":"https:\/\/www.deltamobleandorra.com\/es\/wp-json\/wp\/v2\/pages"}],"about":[{"href":"https:\/\/www.deltamobleandorra.com\/es\/wp-json\/wp\/v2\/types\/page"}],"author":[{"embeddable":true,"href":"https:\/\/www.deltamobleandorra.com\/es\/wp-json\/wp\/v2\/users\/1"}],"replies":[{"embeddable":true,"href":"https:\/\/www.deltamobleandorra.com\/es\/wp-json\/wp\/v2\/comments?post=2328"}],"version-history":[{"count":19,"href":"https:\/\/www.deltamobleandorra.com\/es\/wp-json\/wp\/v2\/pages\/2328\/revisions"}],"predecessor-version":[{"id":3374,"href":"https:\/\/www.deltamobleandorra.com\/es\/wp-json\/wp\/v2\/pages\/2328\/revisions\/3374"}],"wp:attachment":[{"href":"https:\/\/www.deltamobleandorra.com\/es\/wp-json\/wp\/v2\/media?parent=2328"}],"curies":[{"name":"wp","href":"https:\/\/api.w.org\/{rel}","templated":true}]}}